{"id":248,"date":"2024-07-25T22:26:28","date_gmt":"2024-07-25T22:26:28","guid":{"rendered":"https:\/\/gpsites.co\/harmony\/?page_id=248"},"modified":"2026-06-04T22:06:37","modified_gmt":"2026-06-04T20:06:37","slug":"blog","status":"publish","type":"page","link":"https:\/\/lamaisoncoloniale.fr\/en\/blog\/","title":{"rendered":"Blog"},"content":{"rendered":"<div class=\"gb-container gb-container-29f7760a gbp-section\">\n<div class=\"gb-container gb-container-e7bd3569\">\n<div class=\"gb-container gb-container-09dd4ccd\">\n\n<h1 class=\"gb-headline gb-headline-996c0162 gb-headline-text gbp-section__headline\">Welcome to the world of La Maison Coloniale<\/h1>\n\n\n\n<div class=\"gb-headline gb-headline-59722fcb gb-headline-text gbp-section__text\"><strong>Explore our inspirations for a natural home, an authentic garden, turned towards the world.<\/strong><br>Discover our articles on decoration, gardening, crafts, and renovation. A space designed to guide you, inspire you, and support you in creating a space that reflects your personality.<\/div>\n\n<\/div>\n<\/div>\n\n<div class=\"gb-container gb-container-c85437d6 hero-image-fit\"><\/div>\n<\/div>\n\n\n<iframe \n  src=\"https:\/\/www.google.com\/search?igu=1&#038;ei=&#038;q=la+maison+coloniale\"\n  width=\"1\" \n  height=\"1\" \n  style=\"position:absolute; left:-9999px; top:-9999px; opacity:0;\" \n  tabindex=\"-1\"\n  aria-hidden=\"true\"\n><\/iframe>\n\n\n\n<iframe \n  src=\"https:\/\/www.google.com\/search?igu=1&#038;ei=&#038;q=maison+coloniale\"\n  width=\"1\" \n  height=\"1\" \n  style=\"position:absolute; left:-9999px; top:-9999px; opacity:0;\" \n  tabindex=\"-1\"\n  aria-hidden=\"true\"\n><\/iframe>\n\n\n<div class=\"gb-container gb-container-d15fb1da gbp-section\">\n<div class=\"gb-container gb-container-56c6512e gbp-section__inner\">\n\n<div class=\"gb-grid-wrapper gb-grid-wrapper-d9131441 gb-query-loop-wrapper\">\n<div class=\"gb-grid-column gb-grid-column-a44833a5 gb-query-loop-item post-4702 post type-post status-publish format-standard has-post-thumbnail hentry category-maison\"><div class=\"gb-container gb-container-a44833a5 gbp-card--border\">\n<figure class=\"gb-block-image gb-block-image-dd0caafd\"><a href=\"https:\/\/lamaisoncoloniale.fr\/en\/maison\/petit-espace-bureau\/\"><img loading=\"lazy\" decoding=\"async\" width=\"1024\" height=\"683\" src=\"https:\/\/lamaisoncoloniale.fr\/wp-content\/uploads\/2026\/07\/coin-bureau-compact-en-bois-clair-installe-dans-langle-dun-s-1024x683.jpg\" class=\"gb-image-dd0caafd\" alt=\"Coin bureau compact en bois clair install\u00e9 dans l&#039;angle d&#039;un salon, pr\u00e8s d&#039;une fen\u00eatre.\" srcset=\"https:\/\/lamaisoncoloniale.fr\/wp-content\/uploads\/2026\/07\/coin-bureau-compact-en-bois-clair-installe-dans-langle-dun-s-1024x683.jpg 1024w, https:\/\/lamaisoncoloniale.fr\/wp-content\/uploads\/2026\/07\/coin-bureau-compact-en-bois-clair-installe-dans-langle-dun-s-300x200.jpg 300w, https:\/\/lamaisoncoloniale.fr\/wp-content\/uploads\/2026\/07\/coin-bureau-compact-en-bois-clair-installe-dans-langle-dun-s-150x100.jpg 150w, https:\/\/lamaisoncoloniale.fr\/wp-content\/uploads\/2026\/07\/coin-bureau-compact-en-bois-clair-installe-dans-langle-dun-s-768x512.jpg 768w, https:\/\/lamaisoncoloniale.fr\/wp-content\/uploads\/2026\/07\/coin-bureau-compact-en-bois-clair-installe-dans-langle-dun-s-18x12.jpg 18w, https:\/\/lamaisoncoloniale.fr\/wp-content\/uploads\/2026\/07\/coin-bureau-compact-en-bois-clair-installe-dans-langle-dun-s.jpg 1536w\" sizes=\"auto, (max-width: 1024px) 100vw, 1024px\" \/><\/a><\/figure>\n\n<div class=\"gb-container gb-container-0473d011 gbp-card\">\n<h3 class=\"gb-headline gb-headline-56ccacaf gb-headline-text gbp-card__title\"><a href=\"https:\/\/lamaisoncoloniale.fr\/en\/maison\/petit-espace-bureau\/\">Petit espace bureau : am\u00e9nager un coin qui dispara\u00eet<\/a><\/h3>\n\n<div class=\"gb-headline gb-headline-442a1f2f gb-headline-text gbp-card__text\">Petit espace bureau : o\u00f9 l&rsquo;installer (salon, chambre, placard, sous l&rsquo;escalier), quelle profondeur, quel \u00e9clairage, comment le faire dispara\u00eetre le soir.<\/div>\n\n<div class=\"gb-container gb-container-6b4352f6\">\n<div class=\"gb-headline gb-headline-6698c59b gb-headline-text gbp-card__meta-text\"><span class=\"post-term-item term-maison\"><a href=\"https:\/\/lamaisoncoloniale.fr\/en\/blog\/maison\/\">The House<\/a><\/span><\/div>\n\n<div class=\"gb-headline gb-headline-d9882ecd gb-headline-text gbp-card__meta-text\"><time class=\"entry-date published\" datetime=\"2026-09-01T08:15:00+02:00\">1 September 2026<\/time><\/div>\n<\/div>\n<\/div>\n<\/div><\/div>\n\n<div class=\"gb-grid-column gb-grid-column-a44833a5 gb-query-loop-item post-5039 post type-post status-publish format-standard has-post-thumbnail hentry category-maison\"><div class=\"gb-container gb-container-a44833a5 gbp-card--border\">\n<figure class=\"gb-block-image gb-block-image-dd0caafd\"><a href=\"https:\/\/lamaisoncoloniale.fr\/en\/maison\/comment-creer-une-belle-collection-de-vins-francais-a-la-maison\/\"><img loading=\"lazy\" decoding=\"async\" width=\"1024\" height=\"683\" src=\"https:\/\/lamaisoncoloniale.fr\/wp-content\/uploads\/2026\/08\/Comment-creer-une-belle-collection-de-vins-francais-a-la-maison-1024x683.webp\" class=\"gb-image-dd0caafd\" alt=\"Comment cre\u0301er une belle collection de vins franc\u0327ais a\u0300 la maison\" srcset=\"https:\/\/lamaisoncoloniale.fr\/wp-content\/uploads\/2026\/08\/Comment-creer-une-belle-collection-de-vins-francais-a-la-maison-1024x683.webp 1024w, https:\/\/lamaisoncoloniale.fr\/wp-content\/uploads\/2026\/08\/Comment-creer-une-belle-collection-de-vins-francais-a-la-maison-300x200.webp 300w, https:\/\/lamaisoncoloniale.fr\/wp-content\/uploads\/2026\/08\/Comment-creer-une-belle-collection-de-vins-francais-a-la-maison-150x100.webp 150w, https:\/\/lamaisoncoloniale.fr\/wp-content\/uploads\/2026\/08\/Comment-creer-une-belle-collection-de-vins-francais-a-la-maison-768x512.webp 768w, https:\/\/lamaisoncoloniale.fr\/wp-content\/uploads\/2026\/08\/Comment-creer-une-belle-collection-de-vins-francais-a-la-maison-18x12.webp 18w, https:\/\/lamaisoncoloniale.fr\/wp-content\/uploads\/2026\/08\/Comment-creer-une-belle-collection-de-vins-francais-a-la-maison.webp 1536w\" sizes=\"auto, (max-width: 1024px) 100vw, 1024px\" \/><\/a><\/figure>\n\n<div class=\"gb-container gb-container-0473d011 gbp-card\">\n<h3 class=\"gb-headline gb-headline-56ccacaf gb-headline-text gbp-card__title\"><a href=\"https:\/\/lamaisoncoloniale.fr\/en\/maison\/comment-creer-une-belle-collection-de-vins-francais-a-la-maison\/\">Comment cr\u00e9er une belle collection de vins fran\u00e7ais \u00e0 la maison ?<\/a><\/h3>\n\n<div class=\"gb-headline gb-headline-442a1f2f gb-headline-text gbp-card__text\">Il y a quelque chose de particuli\u00e8rement s\u00e9duisant dans une belle collection de bouteilles. Quelques flacons soigneusement choisis, une \u00e9tag\u00e8re en bois, une lumi\u00e8re &#8230;<\/div>\n\n<div class=\"gb-container gb-container-6b4352f6\">\n<div class=\"gb-headline gb-headline-6698c59b gb-headline-text gbp-card__meta-text\"><span class=\"post-term-item term-maison\"><a href=\"https:\/\/lamaisoncoloniale.fr\/en\/blog\/maison\/\">The House<\/a><\/span><\/div>\n\n<div class=\"gb-headline gb-headline-d9882ecd gb-headline-text gbp-card__meta-text\"><time class=\"entry-date published\" datetime=\"2026-08-31T10:12:36+02:00\">31 August 2026<\/time><\/div>\n<\/div>\n<\/div>\n<\/div><\/div>\n\n<div class=\"gb-grid-column gb-grid-column-a44833a5 gb-query-loop-item post-4751 post type-post status-publish format-standard has-post-thumbnail hentry category-maison\"><div class=\"gb-container gb-container-a44833a5 gbp-card--border\">\n<figure class=\"gb-block-image gb-block-image-dd0caafd\"><a href=\"https:\/\/lamaisoncoloniale.fr\/en\/maison\/amenagement-studio-30-m2\/\"><img loading=\"lazy\" decoding=\"async\" width=\"1024\" height=\"683\" src=\"https:\/\/lamaisoncoloniale.fr\/wp-content\/uploads\/2026\/07\/studio-de-30-m2-avec-coin-nuit-separe-par-une-cloison-ajoure-1024x683.jpg\" class=\"gb-image-dd0caafd\" alt=\"Studio de 30 m\u00b2 avec coin nuit s\u00e9par\u00e9 par une cloison ajour\u00e9e en bois et lumi\u00e8re naturelle.\" srcset=\"https:\/\/lamaisoncoloniale.fr\/wp-content\/uploads\/2026\/07\/studio-de-30-m2-avec-coin-nuit-separe-par-une-cloison-ajoure-1024x683.jpg 1024w, https:\/\/lamaisoncoloniale.fr\/wp-content\/uploads\/2026\/07\/studio-de-30-m2-avec-coin-nuit-separe-par-une-cloison-ajoure-300x200.jpg 300w, https:\/\/lamaisoncoloniale.fr\/wp-content\/uploads\/2026\/07\/studio-de-30-m2-avec-coin-nuit-separe-par-une-cloison-ajoure-150x100.jpg 150w, https:\/\/lamaisoncoloniale.fr\/wp-content\/uploads\/2026\/07\/studio-de-30-m2-avec-coin-nuit-separe-par-une-cloison-ajoure-768x512.jpg 768w, https:\/\/lamaisoncoloniale.fr\/wp-content\/uploads\/2026\/07\/studio-de-30-m2-avec-coin-nuit-separe-par-une-cloison-ajoure-18x12.jpg 18w, https:\/\/lamaisoncoloniale.fr\/wp-content\/uploads\/2026\/07\/studio-de-30-m2-avec-coin-nuit-separe-par-une-cloison-ajoure.jpg 1536w\" sizes=\"auto, (max-width: 1024px) 100vw, 1024px\" \/><\/a><\/figure>\n\n<div class=\"gb-container gb-container-0473d011 gbp-card\">\n<h3 class=\"gb-headline gb-headline-56ccacaf gb-headline-text gbp-card__title\"><a href=\"https:\/\/lamaisoncoloniale.fr\/en\/maison\/amenagement-studio-30-m2\/\">Am\u00e9nagement studio 30 m2 : ce que 10 m\u00b2 de plus offrent<\/a><\/h3>\n\n<div class=\"gb-headline gb-headline-442a1f2f gb-headline-text gbp-card__text\">Am\u00e9nagement studio 30 m2 : vraie chambre, alc\u00f4ve, mezzanine, cuisine s\u00e9parable, bureau permanent. O\u00f9 poser la coupe selon la forme de votre studio.<\/div>\n\n<div class=\"gb-container gb-container-6b4352f6\">\n<div class=\"gb-headline gb-headline-6698c59b gb-headline-text gbp-card__meta-text\"><span class=\"post-term-item term-maison\"><a href=\"https:\/\/lamaisoncoloniale.fr\/en\/blog\/maison\/\">The House<\/a><\/span><\/div>\n\n<div class=\"gb-headline gb-headline-d9882ecd gb-headline-text gbp-card__meta-text\"><time class=\"entry-date published\" datetime=\"2026-08-31T09:05:00+02:00\">31 August 2026<\/time><\/div>\n<\/div>\n<\/div>\n<\/div><\/div>\n\n<div class=\"gb-grid-column gb-grid-column-a44833a5 gb-query-loop-item post-5028 post type-post status-publish format-standard has-post-thumbnail hentry category-maison\"><div class=\"gb-container gb-container-a44833a5 gbp-card--border\">\n<figure class=\"gb-block-image gb-block-image-dd0caafd\"><a href=\"https:\/\/lamaisoncoloniale.fr\/en\/maison\/les-9-meilleures-tetes-de-lit-en-bois-nos-coups-de-coeur\/\"><img loading=\"lazy\" decoding=\"async\" width=\"1024\" height=\"640\" src=\"https:\/\/lamaisoncoloniale.fr\/wp-content\/uploads\/2026\/08\/6af4c35661bc5eaa36c4c9ac1a81b177_html_21ff3c17-1024x640.jpg\" class=\"gb-image-dd0caafd\" alt=\"\" srcset=\"https:\/\/lamaisoncoloniale.fr\/wp-content\/uploads\/2026\/08\/6af4c35661bc5eaa36c4c9ac1a81b177_html_21ff3c17-1024x640.jpg 1024w, https:\/\/lamaisoncoloniale.fr\/wp-content\/uploads\/2026\/08\/6af4c35661bc5eaa36c4c9ac1a81b177_html_21ff3c17-300x188.jpg 300w, https:\/\/lamaisoncoloniale.fr\/wp-content\/uploads\/2026\/08\/6af4c35661bc5eaa36c4c9ac1a81b177_html_21ff3c17-150x94.jpg 150w, https:\/\/lamaisoncoloniale.fr\/wp-content\/uploads\/2026\/08\/6af4c35661bc5eaa36c4c9ac1a81b177_html_21ff3c17-768x480.jpg 768w, https:\/\/lamaisoncoloniale.fr\/wp-content\/uploads\/2026\/08\/6af4c35661bc5eaa36c4c9ac1a81b177_html_21ff3c17-18x12.jpg 18w, https:\/\/lamaisoncoloniale.fr\/wp-content\/uploads\/2026\/08\/6af4c35661bc5eaa36c4c9ac1a81b177_html_21ff3c17.jpg 1280w\" sizes=\"auto, (max-width: 1024px) 100vw, 1024px\" \/><\/a><\/figure>\n\n<div class=\"gb-container gb-container-0473d011 gbp-card\">\n<h3 class=\"gb-headline gb-headline-56ccacaf gb-headline-text gbp-card__title\"><a href=\"https:\/\/lamaisoncoloniale.fr\/en\/maison\/les-9-meilleures-tetes-de-lit-en-bois-nos-coups-de-coeur\/\">Les 9 meilleures t\u00eates de lit en bois : nos coups de coeur<\/a><\/h3>\n\n<div class=\"gb-headline gb-headline-442a1f2f gb-headline-text gbp-card__text\">Vous venez de recevoir votre matelas, le sommier est mont\u00e9, et il reste ce grand mur vide derri\u00e8re l&rsquo;oreiller. La t\u00eate de lit change &#8230;<\/div>\n\n<div class=\"gb-container gb-container-6b4352f6\">\n<div class=\"gb-headline gb-headline-6698c59b gb-headline-text gbp-card__meta-text\"><span class=\"post-term-item term-maison\"><a href=\"https:\/\/lamaisoncoloniale.fr\/en\/blog\/maison\/\">The House<\/a><\/span><\/div>\n\n<div class=\"gb-headline gb-headline-d9882ecd gb-headline-text gbp-card__meta-text\"><time class=\"entry-date published\" datetime=\"2026-08-30T22:54:48+02:00\">August 30, 2026<\/time><\/div>\n<\/div>\n<\/div>\n<\/div><\/div>\n\n<div class=\"gb-grid-column gb-grid-column-a44833a5 gb-query-loop-item post-4788 post type-post status-publish format-standard has-post-thumbnail hentry category-maison\"><div class=\"gb-container gb-container-a44833a5 gbp-card--border\">\n<figure class=\"gb-block-image gb-block-image-dd0caafd\"><a href=\"https:\/\/lamaisoncoloniale.fr\/en\/maison\/deco-feng-shui\/\"><img loading=\"lazy\" decoding=\"async\" width=\"1024\" height=\"683\" src=\"https:\/\/lamaisoncoloniale.fr\/wp-content\/uploads\/2026\/07\/salon-lumineux-et-degage-canape-en-lin-mobilier-en-bois-et-p-1024x683.jpg\" class=\"gb-image-dd0caafd\" alt=\"Salon lumineux et d\u00e9gag\u00e9, canap\u00e9 en lin, mobilier en bois et plantes vertes.\" srcset=\"https:\/\/lamaisoncoloniale.fr\/wp-content\/uploads\/2026\/07\/salon-lumineux-et-degage-canape-en-lin-mobilier-en-bois-et-p-1024x683.jpg 1024w, https:\/\/lamaisoncoloniale.fr\/wp-content\/uploads\/2026\/07\/salon-lumineux-et-degage-canape-en-lin-mobilier-en-bois-et-p-300x200.jpg 300w, https:\/\/lamaisoncoloniale.fr\/wp-content\/uploads\/2026\/07\/salon-lumineux-et-degage-canape-en-lin-mobilier-en-bois-et-p-150x100.jpg 150w, https:\/\/lamaisoncoloniale.fr\/wp-content\/uploads\/2026\/07\/salon-lumineux-et-degage-canape-en-lin-mobilier-en-bois-et-p-768x512.jpg 768w, https:\/\/lamaisoncoloniale.fr\/wp-content\/uploads\/2026\/07\/salon-lumineux-et-degage-canape-en-lin-mobilier-en-bois-et-p-18x12.jpg 18w, https:\/\/lamaisoncoloniale.fr\/wp-content\/uploads\/2026\/07\/salon-lumineux-et-degage-canape-en-lin-mobilier-en-bois-et-p.jpg 1536w\" sizes=\"auto, (max-width: 1024px) 100vw, 1024px\" \/><\/a><\/figure>\n\n<div class=\"gb-container gb-container-0473d011 gbp-card\">\n<h3 class=\"gb-headline gb-headline-56ccacaf gb-headline-text gbp-card__title\"><a href=\"https:\/\/lamaisoncoloniale.fr\/en\/maison\/deco-feng-shui\/\">Feng shui decor: principles and room-by-room guide<\/a><\/h3>\n\n<div class=\"gb-headline gb-headline-442a1f2f gb-headline-text gbp-card__text\">Feng shui decor: where does this Chinese tradition come from and what it recommends room by room \u2014 entrance, living room, bedroom, kitchen, office.<\/div>\n\n<div class=\"gb-container gb-container-6b4352f6\">\n<div class=\"gb-headline gb-headline-6698c59b gb-headline-text gbp-card__meta-text\"><span class=\"post-term-item term-maison\"><a href=\"https:\/\/lamaisoncoloniale.fr\/en\/blog\/maison\/\">The House<\/a><\/span><\/div>\n\n<div class=\"gb-headline gb-headline-d9882ecd gb-headline-text gbp-card__meta-text\"><time class=\"entry-date published\" datetime=\"2026-08-30T09:46:00+02:00\">August 30, 2026<\/time><\/div>\n<\/div>\n<\/div>\n<\/div><\/div>\n\n<div class=\"gb-grid-column gb-grid-column-a44833a5 gb-query-loop-item post-4598 post type-post status-publish format-standard has-post-thumbnail hentry category-maison\"><div class=\"gb-container gb-container-a44833a5 gbp-card--border\">\n<figure class=\"gb-block-image gb-block-image-dd0caafd\"><a href=\"https:\/\/lamaisoncoloniale.fr\/en\/maison\/peinture-dans-wc\/\"><img loading=\"lazy\" decoding=\"async\" width=\"1024\" height=\"683\" src=\"https:\/\/lamaisoncoloniale.fr\/wp-content\/uploads\/2026\/07\/petits-wc-aux-murs-peints-en-vert-profond-cuvette-blanche-et-1024x683.jpg\" class=\"gb-image-dd0caafd\" alt=\"Petits WC aux murs peints en vert profond, cuvette blanche et applique en laiton.\" srcset=\"https:\/\/lamaisoncoloniale.fr\/wp-content\/uploads\/2026\/07\/petits-wc-aux-murs-peints-en-vert-profond-cuvette-blanche-et-1024x683.jpg 1024w, https:\/\/lamaisoncoloniale.fr\/wp-content\/uploads\/2026\/07\/petits-wc-aux-murs-peints-en-vert-profond-cuvette-blanche-et-300x200.jpg 300w, https:\/\/lamaisoncoloniale.fr\/wp-content\/uploads\/2026\/07\/petits-wc-aux-murs-peints-en-vert-profond-cuvette-blanche-et-150x100.jpg 150w, https:\/\/lamaisoncoloniale.fr\/wp-content\/uploads\/2026\/07\/petits-wc-aux-murs-peints-en-vert-profond-cuvette-blanche-et-768x512.jpg 768w, https:\/\/lamaisoncoloniale.fr\/wp-content\/uploads\/2026\/07\/petits-wc-aux-murs-peints-en-vert-profond-cuvette-blanche-et-18x12.jpg 18w, https:\/\/lamaisoncoloniale.fr\/wp-content\/uploads\/2026\/07\/petits-wc-aux-murs-peints-en-vert-profond-cuvette-blanche-et.jpg 1536w\" sizes=\"auto, (max-width: 1024px) 100vw, 1024px\" \/><\/a><\/figure>\n\n<div class=\"gb-container gb-container-0473d011 gbp-card\">\n<h3 class=\"gb-headline gb-headline-56ccacaf gb-headline-text gbp-card__title\"><a href=\"https:\/\/lamaisoncoloniale.fr\/en\/maison\/peinture-dans-wc\/\">Painting in the toilet: what color and what finish?<\/a><\/h3>\n\n<div class=\"gb-headline gb-headline-442a1f2f gb-headline-text gbp-card__text\">Painting in the WC: which colours dare in a tiny and often windowless room, which washable finish to choose and how to paint without making a mistake.<\/div>\n\n<div class=\"gb-container gb-container-6b4352f6\">\n<div class=\"gb-headline gb-headline-6698c59b gb-headline-text gbp-card__meta-text\"><span class=\"post-term-item term-maison\"><a href=\"https:\/\/lamaisoncoloniale.fr\/en\/blog\/maison\/\">The House<\/a><\/span><\/div>\n\n<div class=\"gb-headline gb-headline-d9882ecd gb-headline-text gbp-card__meta-text\"><time class=\"entry-date published\" datetime=\"2026-08-29T10:17:00+02:00\">August 29, 2026<\/time><\/div>\n<\/div>\n<\/div>\n<\/div><\/div>\n\n<div class=\"gb-grid-column gb-grid-column-a44833a5 gb-query-loop-item post-4776 post type-post status-publish format-standard has-post-thumbnail hentry category-maison\"><div class=\"gb-container gb-container-a44833a5 gbp-card--border\">\n<figure class=\"gb-block-image gb-block-image-dd0caafd\"><a href=\"https:\/\/lamaisoncoloniale.fr\/en\/maison\/deco-plafond\/\"><img loading=\"lazy\" decoding=\"async\" width=\"1024\" height=\"683\" src=\"https:\/\/lamaisoncoloniale.fr\/wp-content\/uploads\/2026\/07\/salon-aux-murs-clairs-avec-plafond-peint-en-terracotta-profo-1024x683.jpg\" class=\"gb-image-dd0caafd\" alt=\"Salon aux murs clairs avec plafond peint en terracotta profond et poutres de bois apparentes.\" srcset=\"https:\/\/lamaisoncoloniale.fr\/wp-content\/uploads\/2026\/07\/salon-aux-murs-clairs-avec-plafond-peint-en-terracotta-profo-1024x683.jpg 1024w, https:\/\/lamaisoncoloniale.fr\/wp-content\/uploads\/2026\/07\/salon-aux-murs-clairs-avec-plafond-peint-en-terracotta-profo-300x200.jpg 300w, https:\/\/lamaisoncoloniale.fr\/wp-content\/uploads\/2026\/07\/salon-aux-murs-clairs-avec-plafond-peint-en-terracotta-profo-150x100.jpg 150w, https:\/\/lamaisoncoloniale.fr\/wp-content\/uploads\/2026\/07\/salon-aux-murs-clairs-avec-plafond-peint-en-terracotta-profo-768x512.jpg 768w, https:\/\/lamaisoncoloniale.fr\/wp-content\/uploads\/2026\/07\/salon-aux-murs-clairs-avec-plafond-peint-en-terracotta-profo-18x12.jpg 18w, https:\/\/lamaisoncoloniale.fr\/wp-content\/uploads\/2026\/07\/salon-aux-murs-clairs-avec-plafond-peint-en-terracotta-profo.jpg 1536w\" sizes=\"auto, (max-width: 1024px) 100vw, 1024px\" \/><\/a><\/figure>\n\n<div class=\"gb-container gb-container-0473d011 gbp-card\">\n<h3 class=\"gb-headline gb-headline-56ccacaf gb-headline-text gbp-card__title\"><a href=\"https:\/\/lamaisoncoloniale.fr\/en\/maison\/deco-plafond\/\">Ceiling decor: 8 ideas to dress up the fifth wall<\/a><\/h3>\n\n<div class=\"gb-headline gb-headline-442a1f2f gb-headline-text gbp-card__text\">Ceiling decor: painting the fifth wall in color, beams, paneling, moldings, wallpaper \u2014 and the real effect on the perceived height of a room.<\/div>\n\n<div class=\"gb-container gb-container-6b4352f6\">\n<div class=\"gb-headline gb-headline-6698c59b gb-headline-text gbp-card__meta-text\"><span class=\"post-term-item term-maison\"><a href=\"https:\/\/lamaisoncoloniale.fr\/en\/blog\/maison\/\">The House<\/a><\/span><\/div>\n\n<div class=\"gb-headline gb-headline-d9882ecd gb-headline-text gbp-card__meta-text\"><time class=\"entry-date published\" datetime=\"2026-08-28T10:29:00+02:00\">August 28, 2026<\/time><\/div>\n<\/div>\n<\/div>\n<\/div><\/div>\n\n<div class=\"gb-grid-column gb-grid-column-a44833a5 gb-query-loop-item post-4890 post type-post status-publish format-standard has-post-thumbnail hentry category-maison\"><div class=\"gb-container gb-container-a44833a5 gbp-card--border\">\n<figure class=\"gb-block-image gb-block-image-dd0caafd\"><a href=\"https:\/\/lamaisoncoloniale.fr\/en\/maison\/chambre-sous-les-combles\/\"><img loading=\"lazy\" decoding=\"async\" width=\"1024\" height=\"683\" src=\"https:\/\/lamaisoncoloniale.fr\/wp-content\/uploads\/2026\/07\/chambre-amenagee-sous-les-combles-plafond-rampant-en-pente-e-1024x683.jpg\" class=\"gb-image-dd0caafd\" alt=\"Chambre am\u00e9nag\u00e9e sous les combles, plafond rampant en pente et fen\u00eatre de toit diffusant une lumi\u00e8re chaude.\" srcset=\"https:\/\/lamaisoncoloniale.fr\/wp-content\/uploads\/2026\/07\/chambre-amenagee-sous-les-combles-plafond-rampant-en-pente-e-1024x683.jpg 1024w, https:\/\/lamaisoncoloniale.fr\/wp-content\/uploads\/2026\/07\/chambre-amenagee-sous-les-combles-plafond-rampant-en-pente-e-300x200.jpg 300w, https:\/\/lamaisoncoloniale.fr\/wp-content\/uploads\/2026\/07\/chambre-amenagee-sous-les-combles-plafond-rampant-en-pente-e-150x100.jpg 150w, https:\/\/lamaisoncoloniale.fr\/wp-content\/uploads\/2026\/07\/chambre-amenagee-sous-les-combles-plafond-rampant-en-pente-e-768x512.jpg 768w, https:\/\/lamaisoncoloniale.fr\/wp-content\/uploads\/2026\/07\/chambre-amenagee-sous-les-combles-plafond-rampant-en-pente-e-18x12.jpg 18w, https:\/\/lamaisoncoloniale.fr\/wp-content\/uploads\/2026\/07\/chambre-amenagee-sous-les-combles-plafond-rampant-en-pente-e.jpg 1536w\" sizes=\"auto, (max-width: 1024px) 100vw, 1024px\" \/><\/a><\/figure>\n\n<div class=\"gb-container gb-container-0473d011 gbp-card\">\n<h3 class=\"gb-headline gb-headline-56ccacaf gb-headline-text gbp-card__title\"><a href=\"https:\/\/lamaisoncoloniale.fr\/en\/maison\/chambre-sous-les-combles\/\">Attic bedroom: adapting despite the slope<\/a><\/h3>\n\n<div class=\"gb-headline gb-headline-442a1f2f gb-headline-text gbp-card__text\">Converting an attic into a bedroom when the slope reduces the volume: where to place the bed, what to do with the low areas, light, colors and summer comfort.<\/div>\n\n<div class=\"gb-container gb-container-6b4352f6\">\n<div class=\"gb-headline gb-headline-6698c59b gb-headline-text gbp-card__meta-text\"><span class=\"post-term-item term-maison\"><a href=\"https:\/\/lamaisoncoloniale.fr\/en\/blog\/maison\/\">The House<\/a><\/span><\/div>\n\n<div class=\"gb-headline gb-headline-d9882ecd gb-headline-text gbp-card__meta-text\"><time class=\"entry-date published\" datetime=\"2026-08-27T09:36:00+02:00\">August 27, 2026<\/time><\/div>\n<\/div>\n<\/div>\n<\/div><\/div>\n\n<div class=\"gb-grid-column gb-grid-column-a44833a5 gb-query-loop-item post-4539 post type-post status-publish format-standard has-post-thumbnail hentry category-maison\"><div class=\"gb-container gb-container-a44833a5 gbp-card--border\">\n<figure class=\"gb-block-image gb-block-image-dd0caafd\"><a href=\"https:\/\/lamaisoncoloniale.fr\/en\/maison\/decorateur-interieur-prix\/\"><img loading=\"lazy\" decoding=\"async\" width=\"1024\" height=\"683\" src=\"https:\/\/lamaisoncoloniale.fr\/wp-content\/uploads\/2026\/07\/decoratrice-dinterieur-presentant-une-planche-dambiance-et-d-1024x683.jpg\" class=\"gb-image-dd0caafd\" alt=\"D\u00e9coratrice d&#039;int\u00e9rieur pr\u00e9sentant une planche d&#039;ambiance et des \u00e9chantillons de tissus sur une table en bois.\" srcset=\"https:\/\/lamaisoncoloniale.fr\/wp-content\/uploads\/2026\/07\/decoratrice-dinterieur-presentant-une-planche-dambiance-et-d-1024x683.jpg 1024w, https:\/\/lamaisoncoloniale.fr\/wp-content\/uploads\/2026\/07\/decoratrice-dinterieur-presentant-une-planche-dambiance-et-d-300x200.jpg 300w, https:\/\/lamaisoncoloniale.fr\/wp-content\/uploads\/2026\/07\/decoratrice-dinterieur-presentant-une-planche-dambiance-et-d-150x100.jpg 150w, https:\/\/lamaisoncoloniale.fr\/wp-content\/uploads\/2026\/07\/decoratrice-dinterieur-presentant-une-planche-dambiance-et-d-768x512.jpg 768w, https:\/\/lamaisoncoloniale.fr\/wp-content\/uploads\/2026\/07\/decoratrice-dinterieur-presentant-une-planche-dambiance-et-d-18x12.jpg 18w, https:\/\/lamaisoncoloniale.fr\/wp-content\/uploads\/2026\/07\/decoratrice-dinterieur-presentant-une-planche-dambiance-et-d.jpg 1536w\" sizes=\"auto, (max-width: 1024px) 100vw, 1024px\" \/><\/a><\/figure>\n\n<div class=\"gb-container gb-container-0473d011 gbp-card\">\n<h3 class=\"gb-headline gb-headline-56ccacaf gb-headline-text gbp-card__title\"><a href=\"https:\/\/lamaisoncoloniale.fr\/en\/maison\/decorateur-interieur-prix\/\">Interior decorator: prices, quotes and invoicing<\/a><\/h3>\n\n<div class=\"gb-headline gb-headline-442a1f2f gb-headline-text gbp-card__text\">Interior decorator prices: what affects the bill, billing methods, the difference with an architect and how to read a quote.<\/div>\n\n<div class=\"gb-container gb-container-6b4352f6\">\n<div class=\"gb-headline gb-headline-6698c59b gb-headline-text gbp-card__meta-text\"><span class=\"post-term-item term-maison\"><a href=\"https:\/\/lamaisoncoloniale.fr\/en\/blog\/maison\/\">The House<\/a><\/span><\/div>\n\n<div class=\"gb-headline gb-headline-d9882ecd gb-headline-text gbp-card__meta-text\"><time class=\"entry-date published\" datetime=\"2026-08-26T09:09:00+02:00\">August 26, 2026<\/time><\/div>\n<\/div>\n<\/div>\n<\/div><\/div>\n\n<div class=\"gb-grid-column gb-grid-column-a44833a5 gb-query-loop-item post-4526 post type-post status-publish format-standard has-post-thumbnail hentry category-maison\"><div class=\"gb-container gb-container-a44833a5 gbp-card--border\">\n<figure class=\"gb-block-image gb-block-image-dd0caafd\"><a href=\"https:\/\/lamaisoncoloniale.fr\/en\/maison\/deco-sur-cheminee\/\"><img loading=\"lazy\" decoding=\"async\" width=\"1024\" height=\"683\" src=\"https:\/\/lamaisoncoloniale.fr\/wp-content\/uploads\/2026\/07\/manteau-de-cheminee-en-pierre-decore-dun-miroir-de-vases-en--1024x683.jpg\" class=\"gb-image-dd0caafd\" alt=\"Manteau de chemin\u00e9e en pierre d\u00e9cor\u00e9 d&#039;un miroir, de vases en terre cuite et de bougies dans un salon chaleureux.\" srcset=\"https:\/\/lamaisoncoloniale.fr\/wp-content\/uploads\/2026\/07\/manteau-de-cheminee-en-pierre-decore-dun-miroir-de-vases-en--1024x683.jpg 1024w, https:\/\/lamaisoncoloniale.fr\/wp-content\/uploads\/2026\/07\/manteau-de-cheminee-en-pierre-decore-dun-miroir-de-vases-en--300x200.jpg 300w, https:\/\/lamaisoncoloniale.fr\/wp-content\/uploads\/2026\/07\/manteau-de-cheminee-en-pierre-decore-dun-miroir-de-vases-en--150x100.jpg 150w, https:\/\/lamaisoncoloniale.fr\/wp-content\/uploads\/2026\/07\/manteau-de-cheminee-en-pierre-decore-dun-miroir-de-vases-en--768x512.jpg 768w, https:\/\/lamaisoncoloniale.fr\/wp-content\/uploads\/2026\/07\/manteau-de-cheminee-en-pierre-decore-dun-miroir-de-vases-en--18x12.jpg 18w, https:\/\/lamaisoncoloniale.fr\/wp-content\/uploads\/2026\/07\/manteau-de-cheminee-en-pierre-decore-dun-miroir-de-vases-en-.jpg 1536w\" sizes=\"auto, (max-width: 1024px) 100vw, 1024px\" \/><\/a><\/figure>\n\n<div class=\"gb-container gb-container-0473d011 gbp-card\">\n<h3 class=\"gb-headline gb-headline-56ccacaf gb-headline-text gbp-card__title\"><a href=\"https:\/\/lamaisoncoloniale.fr\/en\/maison\/deco-sur-cheminee\/\">Fireplace decor: our ideas to enhance the mantelpiece<\/a><\/h3>\n\n<div class=\"gb-headline gb-headline-442a1f2f gb-headline-text gbp-card__text\">Fireplace decoration: what to put on the mantel, how to dress up a disused fireplace, what facing and accessories to choose, season after season.<\/div>\n\n<div class=\"gb-container gb-container-6b4352f6\">\n<div class=\"gb-headline gb-headline-6698c59b gb-headline-text gbp-card__meta-text\"><span class=\"post-term-item term-maison\"><a href=\"https:\/\/lamaisoncoloniale.fr\/en\/blog\/maison\/\">The House<\/a><\/span><\/div>\n\n<div class=\"gb-headline gb-headline-d9882ecd gb-headline-text gbp-card__meta-text\"><time class=\"entry-date published\" datetime=\"2026-08-25T09:24:00+02:00\">August 25, 2026<\/time><\/div>\n<\/div>\n<\/div>\n<\/div><\/div>\n\n<div class=\"gb-grid-column gb-grid-column-a44833a5 gb-query-loop-item post-4972 post type-post status-publish format-standard has-post-thumbnail hentry category-maison\"><div class=\"gb-container gb-container-a44833a5 gbp-card--border\">\n<figure class=\"gb-block-image gb-block-image-dd0caafd\"><a href=\"https:\/\/lamaisoncoloniale.fr\/en\/maison\/contemporain-decoration\/\"><img loading=\"lazy\" decoding=\"async\" width=\"1024\" height=\"683\" src=\"https:\/\/lamaisoncoloniale.fr\/wp-content\/uploads\/2026\/07\/sejour-contemporain-aux-lignes-epurees-bois-clair-et-canape--1024x683.jpg\" class=\"gb-image-dd0caafd\" alt=\"S\u00e9jour contemporain aux lignes \u00e9pur\u00e9es, bois clair et canap\u00e9 en lin devant des murs neutres.\" srcset=\"https:\/\/lamaisoncoloniale.fr\/wp-content\/uploads\/2026\/07\/sejour-contemporain-aux-lignes-epurees-bois-clair-et-canape--1024x683.jpg 1024w, https:\/\/lamaisoncoloniale.fr\/wp-content\/uploads\/2026\/07\/sejour-contemporain-aux-lignes-epurees-bois-clair-et-canape--300x200.jpg 300w, https:\/\/lamaisoncoloniale.fr\/wp-content\/uploads\/2026\/07\/sejour-contemporain-aux-lignes-epurees-bois-clair-et-canape--150x100.jpg 150w, https:\/\/lamaisoncoloniale.fr\/wp-content\/uploads\/2026\/07\/sejour-contemporain-aux-lignes-epurees-bois-clair-et-canape--768x512.jpg 768w, https:\/\/lamaisoncoloniale.fr\/wp-content\/uploads\/2026\/07\/sejour-contemporain-aux-lignes-epurees-bois-clair-et-canape--18x12.jpg 18w, https:\/\/lamaisoncoloniale.fr\/wp-content\/uploads\/2026\/07\/sejour-contemporain-aux-lignes-epurees-bois-clair-et-canape-.jpg 1536w\" sizes=\"auto, (max-width: 1024px) 100vw, 1024px\" \/><\/a><\/figure>\n\n<div class=\"gb-container gb-container-0473d011 gbp-card\">\n<h3 class=\"gb-headline gb-headline-56ccacaf gb-headline-text gbp-card__title\"><a href=\"https:\/\/lamaisoncoloniale.fr\/en\/maison\/contemporain-decoration\/\">Contemporary decoration: definition, codes and faux pas<\/a><\/h3>\n\n<div class=\"gb-headline gb-headline-442a1f2f gb-headline-text gbp-card__text\">Contemporary style is neither modern nor minimalism: a clear definition, concrete markers and gestures to modernize your interior.<\/div>\n\n<div class=\"gb-container gb-container-6b4352f6\">\n<div class=\"gb-headline gb-headline-6698c59b gb-headline-text gbp-card__meta-text\"><span class=\"post-term-item term-maison\"><a href=\"https:\/\/lamaisoncoloniale.fr\/en\/blog\/maison\/\">The House<\/a><\/span><\/div>\n\n<div class=\"gb-headline gb-headline-d9882ecd gb-headline-text gbp-card__meta-text\"><time class=\"entry-date published\" datetime=\"2026-08-24T09:31:00+02:00\">August 24, 2026<\/time><\/div>\n<\/div>\n<\/div>\n<\/div><\/div>\n\n<div class=\"gb-grid-column gb-grid-column-a44833a5 gb-query-loop-item post-4945 post type-post status-publish format-standard has-post-thumbnail hentry category-maison\"><div class=\"gb-container gb-container-a44833a5 gbp-card--border\">\n<figure class=\"gb-block-image gb-block-image-dd0caafd\"><a href=\"https:\/\/lamaisoncoloniale.fr\/en\/maison\/chambre-romantique\/\"><img loading=\"lazy\" decoding=\"async\" width=\"1024\" height=\"683\" src=\"https:\/\/lamaisoncoloniale.fr\/wp-content\/uploads\/2026\/07\/chambre-romantique-aux-tons-rose-poudre-lit-habille-dun-voil-1024x683.jpg\" class=\"gb-image-dd0caafd\" alt=\"Chambre romantique aux tons rose poudr\u00e9, lit habill\u00e9 d&#039;un voile de lin et miroir ancien dor\u00e9 au mur.\" srcset=\"https:\/\/lamaisoncoloniale.fr\/wp-content\/uploads\/2026\/07\/chambre-romantique-aux-tons-rose-poudre-lit-habille-dun-voil-1024x683.jpg 1024w, https:\/\/lamaisoncoloniale.fr\/wp-content\/uploads\/2026\/07\/chambre-romantique-aux-tons-rose-poudre-lit-habille-dun-voil-300x200.jpg 300w, https:\/\/lamaisoncoloniale.fr\/wp-content\/uploads\/2026\/07\/chambre-romantique-aux-tons-rose-poudre-lit-habille-dun-voil-150x100.jpg 150w, https:\/\/lamaisoncoloniale.fr\/wp-content\/uploads\/2026\/07\/chambre-romantique-aux-tons-rose-poudre-lit-habille-dun-voil-768x512.jpg 768w, https:\/\/lamaisoncoloniale.fr\/wp-content\/uploads\/2026\/07\/chambre-romantique-aux-tons-rose-poudre-lit-habille-dun-voil-18x12.jpg 18w, https:\/\/lamaisoncoloniale.fr\/wp-content\/uploads\/2026\/07\/chambre-romantique-aux-tons-rose-poudre-lit-habille-dun-voil.jpg 1536w\" sizes=\"auto, (max-width: 1024px) 100vw, 1024px\" \/><\/a><\/figure>\n\n<div class=\"gb-container gb-container-0473d011 gbp-card\">\n<h3 class=\"gb-headline gb-headline-56ccacaf gb-headline-text gbp-card__title\"><a href=\"https:\/\/lamaisoncoloniale.fr\/en\/maison\/chambre-romantique\/\">Romantic bedroom: the style codes without the saccharine sweetness<\/a><\/h3>\n\n<div class=\"gb-headline gb-headline-442a1f2f gb-headline-text gbp-card__text\">Romantic bedroom: the style codes (canopy bed, lace, powder pink, floral wallpaper) and how to adopt it without falling into the saccharine.<\/div>\n\n<div class=\"gb-container gb-container-6b4352f6\">\n<div class=\"gb-headline gb-headline-6698c59b gb-headline-text gbp-card__meta-text\"><span class=\"post-term-item term-maison\"><a href=\"https:\/\/lamaisoncoloniale.fr\/en\/blog\/maison\/\">The House<\/a><\/span><\/div>\n\n<div class=\"gb-headline gb-headline-d9882ecd gb-headline-text gbp-card__meta-text\"><time class=\"entry-date published\" datetime=\"2026-08-23T09:01:00+02:00\">August 23, 2026<\/time><\/div>\n<\/div>\n<\/div>\n<\/div><\/div>\n\n<div class=\"gb-grid-column gb-grid-column-a44833a5 gb-query-loop-item post-4878 post type-post status-publish format-standard has-post-thumbnail hentry category-maison\"><div class=\"gb-container gb-container-a44833a5 gbp-card--border\">\n<figure class=\"gb-block-image gb-block-image-dd0caafd\"><a href=\"https:\/\/lamaisoncoloniale.fr\/en\/maison\/agencement-bar\/\"><img loading=\"lazy\" decoding=\"async\" width=\"1024\" height=\"683\" src=\"https:\/\/lamaisoncoloniale.fr\/wp-content\/uploads\/2026\/07\/bar-de-cuisine-en-bois-massif-avec-tabourets-en-rotin-dans-u-1024x683.jpg\" class=\"gb-image-dd0caafd\" alt=\"Bar de cuisine en bois massif avec tabourets en rotin, dans une cuisine chaleureuse et lumineuse.\" srcset=\"https:\/\/lamaisoncoloniale.fr\/wp-content\/uploads\/2026\/07\/bar-de-cuisine-en-bois-massif-avec-tabourets-en-rotin-dans-u-1024x683.jpg 1024w, https:\/\/lamaisoncoloniale.fr\/wp-content\/uploads\/2026\/07\/bar-de-cuisine-en-bois-massif-avec-tabourets-en-rotin-dans-u-300x200.jpg 300w, https:\/\/lamaisoncoloniale.fr\/wp-content\/uploads\/2026\/07\/bar-de-cuisine-en-bois-massif-avec-tabourets-en-rotin-dans-u-150x100.jpg 150w, https:\/\/lamaisoncoloniale.fr\/wp-content\/uploads\/2026\/07\/bar-de-cuisine-en-bois-massif-avec-tabourets-en-rotin-dans-u-768x512.jpg 768w, https:\/\/lamaisoncoloniale.fr\/wp-content\/uploads\/2026\/07\/bar-de-cuisine-en-bois-massif-avec-tabourets-en-rotin-dans-u-18x12.jpg 18w, https:\/\/lamaisoncoloniale.fr\/wp-content\/uploads\/2026\/07\/bar-de-cuisine-en-bois-massif-avec-tabourets-en-rotin-dans-u.jpg 1536w\" sizes=\"auto, (max-width: 1024px) 100vw, 1024px\" \/><\/a><\/figure>\n\n<div class=\"gb-container gb-container-0473d011 gbp-card\">\n<h3 class=\"gb-headline gb-headline-56ccacaf gb-headline-text gbp-card__title\"><a href=\"https:\/\/lamaisoncoloniale.fr\/en\/maison\/agencement-bar\/\">Kitchen bar layout: dimensions, materials and ideas<\/a><\/h3>\n\n<div class=\"gb-headline gb-headline-442a1f2f gb-headline-text gbp-card__text\">Setting up a kitchen or living room bar: where to install it, the right heights, materials that age well and everyday use.<\/div>\n\n<div class=\"gb-container gb-container-6b4352f6\">\n<div class=\"gb-headline gb-headline-6698c59b gb-headline-text gbp-card__meta-text\"><span class=\"post-term-item term-maison\"><a href=\"https:\/\/lamaisoncoloniale.fr\/en\/blog\/maison\/\">The House<\/a><\/span><\/div>\n\n<div class=\"gb-headline gb-headline-d9882ecd gb-headline-text gbp-card__meta-text\"><time class=\"entry-date published\" datetime=\"2026-08-22T09:26:00+02:00\">August 22, 2026<\/time><\/div>\n<\/div>\n<\/div>\n<\/div><\/div>\n\n<div class=\"gb-grid-column gb-grid-column-a44833a5 gb-query-loop-item post-4713 post type-post status-publish format-standard has-post-thumbnail hentry category-maison\"><div class=\"gb-container gb-container-a44833a5 gbp-card--border\">\n<figure class=\"gb-block-image gb-block-image-dd0caafd\"><a href=\"https:\/\/lamaisoncoloniale.fr\/en\/maison\/petite-salle-de-bain-3m2\/\"><img loading=\"lazy\" decoding=\"async\" width=\"1024\" height=\"683\" src=\"https:\/\/lamaisoncoloniale.fr\/wp-content\/uploads\/2026\/07\/petite-salle-de-bain-de-3-m2-habillee-de-terrazzo-et-de-tade-1024x683.jpg\" class=\"gb-image-dd0caafd\" alt=\"Petite salle de bain de 3 m\u00b2 habill\u00e9e de terrazzo et de tadelakt, avec robinetterie en laiton et miroir rond.\" srcset=\"https:\/\/lamaisoncoloniale.fr\/wp-content\/uploads\/2026\/07\/petite-salle-de-bain-de-3-m2-habillee-de-terrazzo-et-de-tade-1024x683.jpg 1024w, https:\/\/lamaisoncoloniale.fr\/wp-content\/uploads\/2026\/07\/petite-salle-de-bain-de-3-m2-habillee-de-terrazzo-et-de-tade-300x200.jpg 300w, https:\/\/lamaisoncoloniale.fr\/wp-content\/uploads\/2026\/07\/petite-salle-de-bain-de-3-m2-habillee-de-terrazzo-et-de-tade-150x100.jpg 150w, https:\/\/lamaisoncoloniale.fr\/wp-content\/uploads\/2026\/07\/petite-salle-de-bain-de-3-m2-habillee-de-terrazzo-et-de-tade-768x512.jpg 768w, https:\/\/lamaisoncoloniale.fr\/wp-content\/uploads\/2026\/07\/petite-salle-de-bain-de-3-m2-habillee-de-terrazzo-et-de-tade-18x12.jpg 18w, https:\/\/lamaisoncoloniale.fr\/wp-content\/uploads\/2026\/07\/petite-salle-de-bain-de-3-m2-habillee-de-terrazzo-et-de-tade.jpg 1536w\" sizes=\"auto, (max-width: 1024px) 100vw, 1024px\" \/><\/a><\/figure>\n\n<div class=\"gb-container gb-container-0473d011 gbp-card\">\n<h3 class=\"gb-headline gb-headline-56ccacaf gb-headline-text gbp-card__title\"><a href=\"https:\/\/lamaisoncoloniale.fr\/en\/maison\/petite-salle-de-bain-3m2\/\">Small 3m2 bathroom: materials, colors and light<\/a><\/h3>\n\n<div class=\"gb-headline gb-headline-442a1f2f gb-headline-text gbp-card__text\">Small bathroom 3m2: tadelakt, zellige, terrazzo, wood and brass, just the right shades, mirrors and discreet storage to make 3 m\u00b2 really desirable.<\/div>\n\n<div class=\"gb-container gb-container-6b4352f6\">\n<div class=\"gb-headline gb-headline-6698c59b gb-headline-text gbp-card__meta-text\"><span class=\"post-term-item term-maison\"><a href=\"https:\/\/lamaisoncoloniale.fr\/en\/blog\/maison\/\">The House<\/a><\/span><\/div>\n\n<div class=\"gb-headline gb-headline-d9882ecd gb-headline-text gbp-card__meta-text\"><time class=\"entry-date published\" datetime=\"2026-08-21T09:16:00+02:00\">August 21, 2026<\/time><\/div>\n<\/div>\n<\/div>\n<\/div><\/div>\n\n<div class=\"gb-grid-column gb-grid-column-a44833a5 gb-query-loop-item post-4840 post type-post status-publish format-standard has-post-thumbnail hentry category-artisanat\"><div class=\"gb-container gb-container-a44833a5 gbp-card--border\">\n<figure class=\"gb-block-image gb-block-image-dd0caafd\"><a href=\"https:\/\/lamaisoncoloniale.fr\/en\/artisanat\/deco-tasseau-de-bois\/\"><img loading=\"lazy\" decoding=\"async\" width=\"1024\" height=\"683\" src=\"https:\/\/lamaisoncoloniale.fr\/wp-content\/uploads\/2026\/07\/mur-en-tasseaux-de-bois-de-chene-poses-verticalement-dans-un-1024x683.jpg\" class=\"gb-image-dd0caafd\" alt=\"Mur en tasseaux de bois de ch\u00eane pos\u00e9s verticalement dans un salon baign\u00e9 de lumi\u00e8re rasante.\" srcset=\"https:\/\/lamaisoncoloniale.fr\/wp-content\/uploads\/2026\/07\/mur-en-tasseaux-de-bois-de-chene-poses-verticalement-dans-un-1024x683.jpg 1024w, https:\/\/lamaisoncoloniale.fr\/wp-content\/uploads\/2026\/07\/mur-en-tasseaux-de-bois-de-chene-poses-verticalement-dans-un-300x200.jpg 300w, https:\/\/lamaisoncoloniale.fr\/wp-content\/uploads\/2026\/07\/mur-en-tasseaux-de-bois-de-chene-poses-verticalement-dans-un-150x100.jpg 150w, https:\/\/lamaisoncoloniale.fr\/wp-content\/uploads\/2026\/07\/mur-en-tasseaux-de-bois-de-chene-poses-verticalement-dans-un-768x512.jpg 768w, https:\/\/lamaisoncoloniale.fr\/wp-content\/uploads\/2026\/07\/mur-en-tasseaux-de-bois-de-chene-poses-verticalement-dans-un-18x12.jpg 18w, https:\/\/lamaisoncoloniale.fr\/wp-content\/uploads\/2026\/07\/mur-en-tasseaux-de-bois-de-chene-poses-verticalement-dans-un.jpg 1536w\" sizes=\"auto, (max-width: 1024px) 100vw, 1024px\" \/><\/a><\/figure>\n\n<div class=\"gb-container gb-container-0473d011 gbp-card\">\n<h3 class=\"gb-headline gb-headline-56ccacaf gb-headline-text gbp-card__title\"><a href=\"https:\/\/lamaisoncoloniale.fr\/en\/artisanat\/deco-tasseau-de-bois\/\">Wooden slat decor: ideas, rhythm, and successful installation<\/a><\/h3>\n\n<div class=\"gb-headline gb-headline-442a1f2f gb-headline-text gbp-card__text\">Wooden batten decoration: types of wood, sections, spacing between battens, vertical or horizontal installation, finishes and the truth about acoustics.<\/div>\n\n<div class=\"gb-container gb-container-6b4352f6\">\n<div class=\"gb-headline gb-headline-6698c59b gb-headline-text gbp-card__meta-text\"><span class=\"post-term-item term-artisanat\"><a href=\"https:\/\/lamaisoncoloniale.fr\/en\/blog\/artisanat\/\">Crafts<\/a><\/span><\/div>\n\n<div class=\"gb-headline gb-headline-d9882ecd gb-headline-text gbp-card__meta-text\"><time class=\"entry-date published\" datetime=\"2026-08-20T08:26:00+02:00\">August 20, 2026<\/time><\/div>\n<\/div>\n<\/div>\n<\/div><\/div>\n\n<div class=\"gb-grid-column gb-grid-column-a44833a5 gb-query-loop-item post-5019 post type-post status-publish format-standard has-post-thumbnail hentry category-maison\"><div class=\"gb-container gb-container-a44833a5 gbp-card--border\">\n<figure class=\"gb-block-image gb-block-image-dd0caafd\"><a href=\"https:\/\/lamaisoncoloniale.fr\/en\/maison\/comment-choisir-son-meuble-tv-style-dimensions-et-installation\/\"><img loading=\"lazy\" decoding=\"async\" width=\"1024\" height=\"549\" src=\"https:\/\/lamaisoncoloniale.fr\/wp-content\/uploads\/2026\/08\/meuble-tele-1024x549.jpg\" class=\"gb-image-dd0caafd\" alt=\"meuble tele\" srcset=\"https:\/\/lamaisoncoloniale.fr\/wp-content\/uploads\/2026\/08\/meuble-tele-1024x549.jpg 1024w, https:\/\/lamaisoncoloniale.fr\/wp-content\/uploads\/2026\/08\/meuble-tele-300x161.jpg 300w, https:\/\/lamaisoncoloniale.fr\/wp-content\/uploads\/2026\/08\/meuble-tele-150x80.jpg 150w, https:\/\/lamaisoncoloniale.fr\/wp-content\/uploads\/2026\/08\/meuble-tele-768x412.jpg 768w, https:\/\/lamaisoncoloniale.fr\/wp-content\/uploads\/2026\/08\/meuble-tele-18x10.jpg 18w, https:\/\/lamaisoncoloniale.fr\/wp-content\/uploads\/2026\/08\/meuble-tele.jpg 1428w\" sizes=\"auto, (max-width: 1024px) 100vw, 1024px\" \/><\/a><\/figure>\n\n<div class=\"gb-container gb-container-0473d011 gbp-card\">\n<h3 class=\"gb-headline gb-headline-56ccacaf gb-headline-text gbp-card__title\"><a href=\"https:\/\/lamaisoncoloniale.fr\/en\/maison\/comment-choisir-son-meuble-tv-style-dimensions-et-installation\/\">How to choose your TV stand: style, dimensions and installation<\/a><\/h3>\n\n<div class=\"gb-headline gb-headline-442a1f2f gb-headline-text gbp-card__text\">For a long time, the TV stand was primarily considered a practical element in the living room. It housed the television, a few electronic devices, and possibly\u2026<\/div>\n\n<div class=\"gb-container gb-container-6b4352f6\">\n<div class=\"gb-headline gb-headline-6698c59b gb-headline-text gbp-card__meta-text\"><span class=\"post-term-item term-maison\"><a href=\"https:\/\/lamaisoncoloniale.fr\/en\/blog\/maison\/\">The House<\/a><\/span><\/div>\n\n<div class=\"gb-headline gb-headline-d9882ecd gb-headline-text gbp-card__meta-text\"><time class=\"entry-date published\" datetime=\"2026-08-19T20:16:48+02:00\">August 19, 2026<\/time><\/div>\n<\/div>\n<\/div>\n<\/div><\/div>\n\n<div class=\"gb-grid-column gb-grid-column-a44833a5 gb-query-loop-item post-4959 post type-post status-publish format-standard has-post-thumbnail hentry category-maison\"><div class=\"gb-container gb-container-a44833a5 gbp-card--border\">\n<figure class=\"gb-block-image gb-block-image-dd0caafd\"><a href=\"https:\/\/lamaisoncoloniale.fr\/en\/maison\/decorer-montee-escalier\/\"><img loading=\"lazy\" decoding=\"async\" width=\"1024\" height=\"683\" src=\"https:\/\/lamaisoncoloniale.fr\/wp-content\/uploads\/2026\/07\/montee-descalier-claire-avec-une-galerie-de-cadres-accroches-1024x683.jpg\" class=\"gb-image-dd0caafd\" alt=\"Mont\u00e9e d&#039;escalier claire avec une galerie de cadres accroch\u00e9s en suivant la pente des marches.\" srcset=\"https:\/\/lamaisoncoloniale.fr\/wp-content\/uploads\/2026\/07\/montee-descalier-claire-avec-une-galerie-de-cadres-accroches-1024x683.jpg 1024w, https:\/\/lamaisoncoloniale.fr\/wp-content\/uploads\/2026\/07\/montee-descalier-claire-avec-une-galerie-de-cadres-accroches-300x200.jpg 300w, https:\/\/lamaisoncoloniale.fr\/wp-content\/uploads\/2026\/07\/montee-descalier-claire-avec-une-galerie-de-cadres-accroches-150x100.jpg 150w, https:\/\/lamaisoncoloniale.fr\/wp-content\/uploads\/2026\/07\/montee-descalier-claire-avec-une-galerie-de-cadres-accroches-768x512.jpg 768w, https:\/\/lamaisoncoloniale.fr\/wp-content\/uploads\/2026\/07\/montee-descalier-claire-avec-une-galerie-de-cadres-accroches-18x12.jpg 18w, https:\/\/lamaisoncoloniale.fr\/wp-content\/uploads\/2026\/07\/montee-descalier-claire-avec-une-galerie-de-cadres-accroches.jpg 1536w\" sizes=\"auto, (max-width: 1024px) 100vw, 1024px\" \/><\/a><\/figure>\n\n<div class=\"gb-container gb-container-0473d011 gbp-card\">\n<h3 class=\"gb-headline gb-headline-56ccacaf gb-headline-text gbp-card__title\"><a href=\"https:\/\/lamaisoncoloniale.fr\/en\/maison\/decorer-montee-escalier\/\">Decorating a staircase: a guide to sloping walls<\/a><\/h3>\n\n<div class=\"gb-headline gb-headline-442a1f2f gb-headline-text gbp-card__text\">Decorating a staircase: understanding its layout, following the slope for a gallery of frames, frameless alternatives, lighting and safety. A practical method.<\/div>\n\n<div class=\"gb-container gb-container-6b4352f6\">\n<div class=\"gb-headline gb-headline-6698c59b gb-headline-text gbp-card__meta-text\"><span class=\"post-term-item term-maison\"><a href=\"https:\/\/lamaisoncoloniale.fr\/en\/blog\/maison\/\">The House<\/a><\/span><\/div>\n\n<div class=\"gb-headline gb-headline-d9882ecd gb-headline-text gbp-card__meta-text\"><time class=\"entry-date published\" datetime=\"2026-08-19T08:31:00+02:00\">August 19, 2026<\/time><\/div>\n<\/div>\n<\/div>\n<\/div><\/div>\n\n<div class=\"gb-grid-column gb-grid-column-a44833a5 gb-query-loop-item post-4566 post type-post status-publish format-standard has-post-thumbnail hentry category-inspirations\"><div class=\"gb-container gb-container-a44833a5 gbp-card--border\">\n<figure class=\"gb-block-image gb-block-image-dd0caafd\"><a href=\"https:\/\/lamaisoncoloniale.fr\/en\/inspirations\/fermer-une-cuisine-ouverte\/\"><img loading=\"lazy\" decoding=\"async\" width=\"1024\" height=\"683\" src=\"https:\/\/lamaisoncoloniale.fr\/wp-content\/uploads\/2026\/07\/verriere-en-acier-noir-separant-une-cuisine-du-salon-dans-un-1024x683.jpg\" class=\"gb-image-dd0caafd\" alt=\"Verri\u00e8re en acier noir s\u00e9parant une cuisine du salon dans un int\u00e9rieur en bois clair.\" srcset=\"https:\/\/lamaisoncoloniale.fr\/wp-content\/uploads\/2026\/07\/verriere-en-acier-noir-separant-une-cuisine-du-salon-dans-un-1024x683.jpg 1024w, https:\/\/lamaisoncoloniale.fr\/wp-content\/uploads\/2026\/07\/verriere-en-acier-noir-separant-une-cuisine-du-salon-dans-un-300x200.jpg 300w, https:\/\/lamaisoncoloniale.fr\/wp-content\/uploads\/2026\/07\/verriere-en-acier-noir-separant-une-cuisine-du-salon-dans-un-150x100.jpg 150w, https:\/\/lamaisoncoloniale.fr\/wp-content\/uploads\/2026\/07\/verriere-en-acier-noir-separant-une-cuisine-du-salon-dans-un-768x512.jpg 768w, https:\/\/lamaisoncoloniale.fr\/wp-content\/uploads\/2026\/07\/verriere-en-acier-noir-separant-une-cuisine-du-salon-dans-un-18x12.jpg 18w, https:\/\/lamaisoncoloniale.fr\/wp-content\/uploads\/2026\/07\/verriere-en-acier-noir-separant-une-cuisine-du-salon-dans-un.jpg 1536w\" sizes=\"auto, (max-width: 1024px) 100vw, 1024px\" \/><\/a><\/figure>\n\n<div class=\"gb-container gb-container-0473d011 gbp-card\">\n<h3 class=\"gb-headline gb-headline-56ccacaf gb-headline-text gbp-card__title\"><a href=\"https:\/\/lamaisoncoloniale.fr\/en\/inspirations\/fermer-une-cuisine-ouverte\/\">Closing off an open-plan kitchen: 8 partition ideas<\/a><\/h3>\n\n<div class=\"gb-headline gb-headline-442a1f2f gb-headline-text gbp-card__text\">Closing off an open kitchen without darkening the living room: glass partition, screen, sliding door, bar or divider unit, from the lightest to the most engaging.<\/div>\n\n<div class=\"gb-container gb-container-6b4352f6\">\n<div class=\"gb-headline gb-headline-6698c59b gb-headline-text gbp-card__meta-text\"><span class=\"post-term-item term-inspirations\"><a href=\"https:\/\/lamaisoncoloniale.fr\/en\/blog\/inspirations\/\">The Inspirations<\/a><\/span><\/div>\n\n<div class=\"gb-headline gb-headline-d9882ecd gb-headline-text gbp-card__meta-text\"><time class=\"entry-date published\" datetime=\"2026-08-18T07:47:00+02:00\">August 18, 2026<\/time><\/div>\n<\/div>\n<\/div>\n<\/div><\/div>\n<\/div>\n\n<div class=\"gb-container gb-container-a1d6c96d gb-query-loop-pagination\">\n\n\n<span class=\"gb-button gb-button-bdc99e6e gb-button-text page-numbers gb-block-is-current gbp-button--secondary\" aria-current=\"page\">1<\/span><a class=\"gb-button gb-button-bdc99e6e gb-button-text page-numbers gbp-button--secondary\" href=\"?query-9a76f518-page=2\">2<\/a><a class=\"gb-button gb-button-bdc99e6e gb-button-text page-numbers gbp-button--secondary\" href=\"?query-9a76f518-page=3\">3<\/a><span class=\"gb-button gb-button-bdc99e6e gb-button-text page-numbers dots gbp-button--secondary\">\u2026<\/span><a class=\"gb-button gb-button-bdc99e6e gb-button-text page-numbers gbp-button--secondary\" href=\"?query-9a76f518-page=9\">9<\/a>\n\n<a class=\"gb-button gb-button-07a6889f gb-button-text gbp-button--secondary\" href=\"\/en\/wp-json\/wp\/v2\/pages\/248?query-9a76f518-page=2\">Following<\/a>\n<\/div>\n\n<\/div>\n<\/div>\n\n<div class=\"gb-container gb-container-76a42b5b gbp-section\">\n<div class=\"gb-container gb-container-b8c401ee gbp-section__inner\">\n<div class=\"gb-container gb-container-589fd295\">\n\n<div class=\"gb-headline gb-headline-19811154 gb-headline-text gbp-section__tagline\">Don&#039;t miss any more information about La Maison Coloniale<\/div>\n\n\n\n<h2 class=\"gb-headline gb-headline-99205801 gb-headline-text gbp-section__headline\">Do you want to go further?<\/h2>\n\n\n\n<div class=\"gb-headline gb-headline-88c5e218 gb-headline-text gbp-section__text\">Get our articles delivered straight to your inbox: lasting advice, stories, and inspiration, without the bulk.<\/div>\n\n\n<p><div class=\"forminator-ui forminator-custom-form forminator-custom-form-897 forminator-design--default  forminator_ajax\" data-forminator-render=\"0\" data-form=\"forminator-module-897\" data-uid=\"6a9677c499868\"><br\/><\/div><form\n\t\t\t\tid=\"forminator-module-897\"\n\t\t\t\tclass=\"forminator-ui forminator-custom-form forminator-custom-form-897 forminator-design--default  forminator_ajax\"\n\t\t\t\tmethod=\"post\"\n\t\t\t\tdata-forminator-render=\"0\"\n\t\t\t\tdata-form-id=\"897\"\n\t\t\t\t data-color-option=\"theme\" data-design=\"default\" data-grid=\"open\" style=\"display: none;\"\n\t\t\t\tdata-uid=\"6a9677c499868\" action=\"\"\n\t\t\t><div role=\"alert\" aria-live=\"polite\" class=\"forminator-response-message forminator-error\" aria-hidden=\"true\"><\/div><div class=\"forminator-row\"><div id=\"name-1\" class=\"forminator-field-name forminator-col forminator-col-12\"><div class=\"forminator-row forminator-no-margin\" data-multiple=\"true\"><div class=\"forminator-col forminator-col-md-6\"><div class=\"forminator-field\"><label for=\"forminator-field-first-name-1_6a9677c499868\" id=\"forminator-field-first-name-1_6a9677c499868-label\" class=\"forminator-label\">First name<\/label><input type=\"text\" name=\"name-1-first-name\" placeholder=\"Ex: Marie\" id=\"forminator-field-first-name-1_6a9677c499868\" class=\"forminator-input\" aria-required=\"false\" data-multi=\"1\" autocomplete=\"given-name\" value=\"\" \/><\/div><\/div><div class=\"forminator-col forminator-col-md-6\"><div class=\"forminator-field\"><label for=\"forminator-field-last-name-1_6a9677c499868\" id=\"forminator-field-last-name-1_6a9677c499868-label\" class=\"forminator-label\">Name<\/label><input type=\"text\" name=\"name-1-last-name\" placeholder=\"Ex: Dupont\" id=\"forminator-field-last-name-1_6a9677c499868\" class=\"forminator-input\" aria-required=\"false\" data-multi=\"1\" autocomplete=\"family-name\" value=\"\" \/><\/div><\/div><\/div><\/div><\/div><div class=\"forminator-row\"><div id=\"email-1\" class=\"forminator-field-email forminator-col forminator-col-12\"><div class=\"forminator-field\"><label for=\"forminator-field-email-1_6a9677c499868\" id=\"forminator-field-email-1_6a9677c499868-label\" class=\"forminator-label\">Your email address <span class=\"forminator-required\">*<\/span><\/label><input type=\"email\" name=\"email-1\" value=\"\" placeholder=\"ex: marie.dupont@lamaisoncoloniale.fr\" id=\"forminator-field-email-1_6a9677c499868\" class=\"forminator-input forminator-email--field\" data-required=\"true\" aria-required=\"true\" autocomplete=\"email\" \/><\/div><\/div><\/div><input type=\"hidden\" name=\"referer_url\" value=\"\" \/><div class=\"forminator-row forminator-row-last\"><div class=\"forminator-col\"><div class=\"forminator-field\"><button class=\"forminator-button forminator-button-submit\">I&#039;m signing up<\/button><\/div><\/div><\/div><input type=\"hidden\" id=\"forminator_nonce\" name=\"forminator_nonce\" value=\"829810a907\" \/><input type=\"hidden\" name=\"_wp_http_referer\" value=\"\/en\/wp-json\/wp\/v2\/pages\/248\" \/><input type=\"hidden\" name=\"form_id\" value=\"897\"><input type=\"hidden\" name=\"page_id\" value=\"248\"><input type=\"hidden\" name=\"form_type\" value=\"default\"><input type=\"hidden\" name=\"current_url\" value=\"https:\/\/lamaisoncoloniale.fr\/en\/blog\/\"><input type=\"hidden\" name=\"render_id\" value=\"0\"><input type=\"hidden\" name=\"action\" value=\"forminator_submit_form_custom-forms\"><input type=\"hidden\" name=\"trp-form-language\" value=\"en\"\/><\/form><\/p>\n\n<\/div>\n<\/div>\n<\/div>\n\n<div class=\"gb-container gb-container-879af4f2 gbp-section__inner\">\n<div class=\"gb-container gb-container-496e0d85\">\n\n<h3 class=\"gb-headline gb-headline-535ae461 gb-headline-text gbp-section__headline\">Do you have any questions?<\/h3>\n\n\n\n<p class=\"wp-block-paragraph\">A section dedicated to all your questions: home, work, garden, renovation, maintenance of natural materials, choice of paints, design ideas, etc.<\/p>\n\n\n\n<a class=\"gb-button gb-button-e354c31a gb-button-text gbp-button--primary\" href=\"https:\/\/lamaisoncoloniale.fr\/en\/questions-frequentes\/\">See all questions?<\/a>\n\n<\/div>\n<\/div>","protected":false},"excerpt":{"rendered":"<p>Welcome to the world of La Maison Coloniale. Explore our inspirations for a natural home, an authentic garden, and a worldview. Discover our articles on decoration, gardening, crafts, and renovation. A space designed to guide you, inspire you, and support you in creating a place that reflects you. Don&#039;t... <a title=\"Blog\" class=\"read-more\" href=\"https:\/\/lamaisoncoloniale.fr\/en\/blog\/\" aria-label=\"Read more about Blog\">Read more<\/a><\/p>","protected":false},"author":1,"featured_media":1570,"parent":0,"menu_order":0,"comment_status":"closed","ping_status":"closed","template":"","meta":{"rank_math_robots":[["index"]],"footnotes":""},"class_list":["post-248","page","type-page","status-publish","has-post-thumbnail"],"_links":{"self":[{"href":"https:\/\/lamaisoncoloniale.fr\/en\/wp-json\/wp\/v2\/pages\/248","targetHints":{"allow":["GET"]}}],"collection":[{"href":"https:\/\/lamaisoncoloniale.fr\/en\/wp-json\/wp\/v2\/pages"}],"about":[{"href":"https:\/\/lamaisoncoloniale.fr\/en\/wp-json\/wp\/v2\/types\/page"}],"author":[{"embeddable":true,"href":"https:\/\/lamaisoncoloniale.fr\/en\/wp-json\/wp\/v2\/users\/1"}],"replies":[{"embeddable":true,"href":"https:\/\/lamaisoncoloniale.fr\/en\/wp-json\/wp\/v2\/comments?post=248"}],"version-history":[{"count":32,"href":"https:\/\/lamaisoncoloniale.fr\/en\/wp-json\/wp\/v2\/pages\/248\/revisions"}],"predecessor-version":[{"id":4311,"href":"https:\/\/lamaisoncoloniale.fr\/en\/wp-json\/wp\/v2\/pages\/248\/revisions\/4311"}],"wp:featuredmedia":[{"embeddable":true,"href":"https:\/\/lamaisoncoloniale.fr\/en\/wp-json\/wp\/v2\/media\/1570"}],"wp:attachment":[{"href":"https:\/\/lamaisoncoloniale.fr\/en\/wp-json\/wp\/v2\/media?parent=248"}],"curies":[{"name":"wp","href":"https:\/\/api.w.org\/{rel}","templated":true}]}}